{"id":3027,"date":"2026-01-18T17:06:13","date_gmt":"2026-01-18T16:06:13","guid":{"rendered":"https:\/\/miramarevenezia.it\/birdwatching\/"},"modified":"2026-03-10T21:13:16","modified_gmt":"2026-03-10T20:13:16","slug":"birdwatching","status":"publish","type":"page","link":"https:\/\/miramarevenezia.it\/de\/gebiet\/birdwatching\/","title":{"rendered":"Birdwatching"},"content":{"rendered":"\t\t<div data-elementor-type=\"wp-page\" data-elementor-id=\"3027\" class=\"elementor elementor-3027 elementor-842\">\n\t\t\t\t<div class=\"wpr-jarallax elementor-element elementor-element-e458469 parallax-sopra wpr-jarallax-yes e-flex e-con-boxed wpr-particle-no wpr-parallax-no wpr-sticky-section-no wpr-equal-height-no e-con e-parent\" speed-data=\"1.1\" bg-image=\"https:\/\/miramarevenezia.it\/wp-content\/uploads\/560988363_10239871022543581_262659274475213261_n.jpg\" bg-image-mobile=\"\" scroll-effect=\"scroll\" data-id=\"e458469\" data-element_type=\"container\" data-e-type=\"container\" data-settings=\"{&quot;background_background&quot;:&quot;classic&quot;}\">\n\t\t\t\t\t<div class=\"e-con-inner\">\n\t\t\t\t<div class=\"elementor-element elementor-element-7c1df26 elementor-widget elementor-widget-heading\" data-id=\"7c1df26\" data-element_type=\"widget\" data-e-type=\"widget\" data-widget_type=\"heading.default\">\n\t\t\t\t\t<h1 class=\"elementor-heading-title elementor-size-default\">Birdwatching in der Lagune von Venedig<\/h1>\t\t\t\t<\/div>\n\t\t\t\t\t<\/div>\n\t\t\t\t<\/div>\n\t\t<div class=\"elementor-element elementor-element-a9d570e e-flex e-con-boxed wpr-particle-no wpr-jarallax-no wpr-parallax-no wpr-sticky-section-no wpr-equal-height-no e-con e-parent\" data-id=\"a9d570e\" data-element_type=\"container\" data-e-type=\"container\">\n\t\t\t\t\t<div class=\"e-con-inner\">\n\t\t\t\t<div class=\"elementor-element elementor-element-f33ae19 elementor-widget elementor-widget-heading\" data-id=\"f33ae19\" data-element_type=\"widget\" data-e-type=\"widget\" data-widget_type=\"heading.default\">\n\t\t\t\t\t<h2 class=\"elementor-heading-title elementor-size-default\">Einf\u00fchrung in die Vogelwelt der Lagune<\/h2>\t\t\t\t<\/div>\n\t\t\t\t<div class=\"elementor-element elementor-element-0ffc42d elementor-widget elementor-widget-text-editor\" data-id=\"0ffc42d\" data-element_type=\"widget\" data-e-type=\"widget\" data-widget_type=\"text-editor.default\">\n\t\t\t\t\t\t\t\t\t<p>Die <strong>Lagune von Venedig<\/strong> ist nicht nur ein Ort von au\u00dfergew\u00f6hnlicher Sch\u00f6nheit, sondern auch <strong>ein Lebensraum reich an Biodiversit\u00e4t<\/strong>, besonders f\u00fcr Birdwatching-Begeisterte.<\/p><p>Eingebettet in ein einzigartiges \u00d6kosystem, beherbergt dieses Gebiet eine Vielzahl von Vogelarten, die man <strong>zu jeder Jahreszeit beobachten<\/strong> kann. Von ruhigen Gew\u00e4ssern bis hin zu Feuchtgebieten bietet die Lagune vielen Zug- und Standv\u00f6geln Unterschlupf und macht jeden Besuch zu einer unverzichtbaren Gelegenheit f\u00fcr Naturfreunde.  <\/p><p><a href=\"#stanziali\"><u>Im Laufe des Jahres \u2192<\/u><\/a> k\u00f6nnen wir zum Beispiel <strong>H\u00f6ckerschwan<\/strong>-Paare sehen, die sanft \u00fcber das Wasser der Lagune oder der Kan\u00e4le gleiten, die <strong>Mittelmeerm\u00f6we<\/strong> (hier auch <em>Coc\u00e0l<\/em> oder <em>Croc\u00e0i<\/em> genannt), den <strong>Kormoran<\/strong>, den wir oft mit ausgebreiteten Fl\u00fcgeln beim Sonnenbaden sehen, und den <strong>Seidenreiher<\/strong>, das Symbol des Tourismusparks von Cavallino Treporti.<\/p><p>Aber erst <a href=\"#estate\"><u>im Fr\u00fchling \/ Sommer \u2192<\/u><\/a> f\u00fcllt sich die Lagune mit Leben und beherbergt Hunderte von Zugv\u00f6geln, die den Winter vor allem in Afrika verbringen, um nach Italien zur\u00fcckzukehren, wenn das Nahrungsangebot reichlicher und das Klima milder ist.<\/p><p>Wenn du dich f\u00fcr Birdwatching und Fotografie begeisterst, erwarten wir dich im Miramare!<\/p>\t\t\t\t\t\t\t\t<\/div>\n\t\t\t\t\t<\/div>\n\t\t\t\t<\/div>\n\t\t<div class=\"elementor-element elementor-element-b6b5b97 e-flex e-con-boxed wpr-particle-no wpr-jarallax-no wpr-parallax-no wpr-sticky-section-no wpr-equal-height-no e-con e-parent\" data-id=\"b6b5b97\" data-element_type=\"container\" data-e-type=\"container\" data-settings=\"{&quot;background_background&quot;:&quot;classic&quot;}\">\n\t\t\t\t\t<div class=\"e-con-inner\">\n\t\t<div class=\"elementor-element elementor-element-f4e53da e-con-full e-flex wpr-particle-no wpr-jarallax-no wpr-parallax-no wpr-sticky-section-no wpr-equal-height-no e-con e-child\" data-id=\"f4e53da\" data-element_type=\"container\" data-e-type=\"container\" data-settings=\"{&quot;background_background&quot;:&quot;classic&quot;}\">\n\t\t<div class=\"elementor-element elementor-element-cb110df e-con-full e-flex wpr-particle-no wpr-jarallax-no wpr-parallax-no wpr-sticky-section-no wpr-equal-height-no e-con e-child\" data-id=\"cb110df\" data-element_type=\"container\" data-e-type=\"container\">\n\t\t\t\t<div class=\"elementor-element elementor-element-098f38e elementor-widget elementor-widget-heading\" data-id=\"098f38e\" data-element_type=\"widget\" data-e-type=\"widget\" data-widget_type=\"heading.default\">\n\t\t\t\t\t<h2 class=\"elementor-heading-title elementor-size-default\">Der wahre Protagonist der Lagune: der Flamingo<\/h2>\t\t\t\t<\/div>\n\t\t\t\t<div class=\"elementor-element elementor-element-575cfe0 elementor-widget elementor-widget-text-editor\" data-id=\"575cfe0\" data-element_type=\"widget\" data-e-type=\"widget\" data-widget_type=\"text-editor.default\">\n\t\t\t\t\t\t\t\t\t<p>Er braucht keine Vorstellung: Der Rosaflamingo ist ein gro\u00dfer Wasservogel, der leicht an seinem langen, geschwungenen Hals, den extrem langen, d\u00fcnnen Beinen und dem charakteristischen dicken, gebogenen Schnabel zu erkennen ist. <br>Die rosa Farbe stammt von den Carotinoid-Pigmenten in den kleinen Krebstieren, Weichtieren und Algen, die seine Nahrung bilden: Je mehr Pigmente sie aufnehmen, desto intensiver wird das Rosa der Federn.<\/p><p>In der Lagune von Venedig kann man ihn <strong>haupts\u00e4chlich zwischen M\u00e4rz und Oktober<\/strong> beobachten, wenn das flache Brackwasser reichlich Nahrung und geeignete Pl\u00e4tze zum Ausruhen und Br\u00fcten bietet.<\/p><p>Die K\u00fcken schl\u00fcpfen in der Regel <strong>zwischen Mai und Juli<\/strong> mit einem grau-wei\u00dfen Gefieder, das in den folgenden Jahren dank der Ern\u00e4hrung rosa wird.<\/p><p>Der Flamingo ern\u00e4hrt sich, indem er das Wasser mit seinem speziellen, umgedrehten und l\u00f6ffelf\u00f6rmigen Schnabel filtert, um Krebstiere, kleine Weichtiere, Insektenlarven und Algen zu fangen. <\/p>\t\t\t\t\t\t\t\t<\/div>\n\t\t\t\t<\/div>\n\t\t<div class=\"elementor-element elementor-element-f6115bb e-con-full e-grid wpr-particle-no wpr-jarallax-no wpr-parallax-no wpr-sticky-section-no wpr-equal-height-no e-con e-child\" data-id=\"f6115bb\" data-element_type=\"container\" data-e-type=\"container\">\n\t\t<div class=\"elementor-element elementor-element-2f85744 e-con-full e-flex wpr-particle-no wpr-jarallax-no wpr-parallax-no wpr-sticky-section-no wpr-equal-height-no e-con e-child\" data-id=\"2f85744\" data-element_type=\"container\" data-e-type=\"container\">\n\t\t<div class=\"elementor-element elementor-element-2dd8540 e-con-full e-flex wpr-particle-no wpr-jarallax-no wpr-parallax-no wpr-sticky-section-no wpr-equal-height-no e-con e-child\" data-id=\"2dd8540\" data-element_type=\"container\" data-e-type=\"container\" data-settings=\"{&quot;background_background&quot;:&quot;classic&quot;}\">\n\t\t\t\t<\/div>\n\t\t<div class=\"elementor-element elementor-element-050d07b e-con-full elementor-hidden-mobile e-flex wpr-particle-no wpr-jarallax-no wpr-parallax-no wpr-sticky-section-no wpr-equal-height-no e-con e-child\" data-id=\"050d07b\" data-element_type=\"container\" data-e-type=\"container\" data-settings=\"{&quot;background_background&quot;:&quot;classic&quot;}\">\n\t\t\t\t<\/div>\n\t\t\t\t<\/div>\n\t\t<div class=\"elementor-element elementor-element-5486cef e-con-full elementor-hidden-mobile e-flex wpr-particle-no wpr-jarallax-no wpr-parallax-no wpr-sticky-section-no wpr-equal-height-no e-con e-child\" data-id=\"5486cef\" data-element_type=\"container\" data-e-type=\"container\">\n\t\t<div class=\"elementor-element elementor-element-f73e171 e-con-full e-flex wpr-particle-no wpr-jarallax-no wpr-parallax-no wpr-sticky-section-no wpr-equal-height-no e-con e-child\" data-id=\"f73e171\" data-element_type=\"container\" data-e-type=\"container\" data-settings=\"{&quot;background_background&quot;:&quot;classic&quot;}\">\n\t\t\t\t<\/div>\n\t\t\t\t<\/div>\n\t\t\t\t<\/div>\n\t\t\t\t<\/div>\n\t\t<div class=\"elementor-element elementor-element-9aba22a e-con-full e-flex wpr-particle-no wpr-jarallax-no wpr-parallax-no wpr-sticky-section-no wpr-equal-height-no e-con e-child\" data-id=\"9aba22a\" data-element_type=\"container\" data-e-type=\"container\" id=\"estate\" data-settings=\"{&quot;background_background&quot;:&quot;classic&quot;}\">\n\t\t<div class=\"elementor-element elementor-element-f599faf e-con-full e-flex wpr-particle-no wpr-jarallax-no wpr-parallax-no wpr-sticky-section-no wpr-equal-height-no e-con e-child\" data-id=\"f599faf\" data-element_type=\"container\" data-e-type=\"container\">\n\t\t\t\t<div class=\"elementor-element elementor-element-c5bb375 elementor-widget elementor-widget-heading\" data-id=\"c5bb375\" data-element_type=\"widget\" data-e-type=\"widget\" data-widget_type=\"heading.default\">\n\t\t\t\t\t<h2 class=\"elementor-heading-title elementor-size-default\">Sommersaison<\/h2>\t\t\t\t<\/div>\n\t\t\t\t<div class=\"elementor-element elementor-element-092f487 elementor-widget elementor-widget-text-editor\" data-id=\"092f487\" data-element_type=\"widget\" data-e-type=\"widget\" data-widget_type=\"text-editor.default\">\n\t\t\t\t\t\t\t\t\t<p>W\u00e4hrend des Sommers verwandelt sich die Lagune von Venedig in ein wahres Paradies f\u00fcr Birdwatching-Liebhaber.<\/p>\t\t\t\t\t\t\t\t<\/div>\n\t\t\t\t<\/div>\n\t\t<div class=\"elementor-element elementor-element-ba09eee e-grid e-con-full wpr-particle-no wpr-jarallax-no wpr-parallax-no wpr-sticky-section-no wpr-equal-height-no e-con e-child\" data-id=\"ba09eee\" data-element_type=\"container\" data-e-type=\"container\">\n\t\t<div class=\"elementor-element elementor-element-aacf203 e-con-full e-flex wpr-particle-no wpr-jarallax-no wpr-parallax-no wpr-sticky-section-no wpr-equal-height-no e-con e-child\" data-id=\"aacf203\" data-element_type=\"container\" data-e-type=\"container\">\n\t\t<div class=\"elementor-element elementor-element-f6d1afc e-con-full e-flex wpr-particle-no wpr-jarallax-no wpr-parallax-no wpr-sticky-section-no wpr-equal-height-no e-con e-child\" data-id=\"f6d1afc\" data-element_type=\"container\" data-e-type=\"container\" data-settings=\"{&quot;background_background&quot;:&quot;classic&quot;}\">\n\t\t\t\t<\/div>\n\t\t\t\t<div class=\"elementor-element elementor-element-c060d13 elementor-widget elementor-widget-text-editor\" data-id=\"c060d13\" data-element_type=\"widget\" data-e-type=\"widget\" data-widget_type=\"text-editor.default\">\n\t\t\t\t\t\t\t\t\t<p><strong>Silberreiher<\/strong><br>M\u00e4rz \u2013 November<\/p><p>Ein eleganter und schlanker Vogel, wei\u00df mit langen, dunkelgelben Beinen und einem d\u00fcnnen Hals. Er bewegt sich langsam durch das flache Wasser der Lagune und der Kan\u00e4le auf der Suche nach Fischen, Fr\u00f6schen und kleinen Krebstieren, die er mit schnellen Schnabelhieben f\u00e4ngt. <\/p>\t\t\t\t\t\t\t\t<\/div>\n\t\t\t\t<\/div>\n\t\t<div class=\"elementor-element elementor-element-b362410 e-con-full e-flex wpr-particle-no wpr-jarallax-no wpr-parallax-no wpr-sticky-section-no wpr-equal-height-no e-con e-child\" data-id=\"b362410\" data-element_type=\"container\" data-e-type=\"container\">\n\t\t<div class=\"elementor-element elementor-element-4710926 e-con-full e-flex wpr-particle-no wpr-jarallax-no wpr-parallax-no wpr-sticky-section-no wpr-equal-height-no e-con e-child\" data-id=\"4710926\" data-element_type=\"container\" data-e-type=\"container\" data-settings=\"{&quot;background_background&quot;:&quot;classic&quot;}\">\n\t\t\t\t<\/div>\n\t\t\t\t<div class=\"elementor-element elementor-element-a5b876a elementor-widget elementor-widget-text-editor\" data-id=\"a5b876a\" data-element_type=\"widget\" data-e-type=\"widget\" data-widget_type=\"text-editor.default\">\n\t\t\t\t\t\t\t\t\t<p><strong>S\u00e4belschn\u00e4bler<\/strong><br>M\u00e4rz \u2013 August<\/p><p>Er hat ein schwarz-wei\u00dfes Gefieder und einen unverkennbaren langen, d\u00fcnnen, nach oben gebogenen Schnabel, mit dem der S\u00e4belschn\u00e4bler den Schlamm \u201ek\u00e4mmt\u201c, um Insekten, Krebstiere und kleine Weichtiere zu fangen. <\/p>\t\t\t\t\t\t\t\t<\/div>\n\t\t\t\t<\/div>\n\t\t<div class=\"elementor-element elementor-element-4392190 e-con-full elementor-hidden-desktop elementor-hidden-tablet elementor-hidden-mobile e-flex wpr-particle-no wpr-jarallax-no wpr-parallax-no wpr-sticky-section-no wpr-equal-height-no e-con e-child\" data-id=\"4392190\" data-element_type=\"container\" data-e-type=\"container\">\n\t\t<div class=\"elementor-element elementor-element-be5edc2 e-con-full e-flex wpr-particle-no wpr-jarallax-no wpr-parallax-no wpr-sticky-section-no wpr-equal-height-no e-con e-child\" data-id=\"be5edc2\" data-element_type=\"container\" data-e-type=\"container\" data-settings=\"{&quot;background_background&quot;:&quot;classic&quot;}\">\n\t\t\t\t<\/div>\n\t\t\t\t<div class=\"elementor-element elementor-element-87c9baf elementor-widget elementor-widget-text-editor\" data-id=\"87c9baf\" data-element_type=\"widget\" data-e-type=\"widget\" data-widget_type=\"text-editor.default\">\n\t\t\t\t\t\t\t\t\t<p><strong>Schlangenadler<\/strong><br>April \u2013 September<\/p><p>Ein tagaktiver Greifvogel mit hellem Gefieder auf der Unterseite und dunkleren Fl\u00fcgeln. In der Lagune sehen wir ihn tief fliegen, auf der Suche nach Nagetieren und Amphibien. Als Zugvogel zieht er vor allem im Fr\u00fchjahr und Herbst durch.  <\/p>\t\t\t\t\t\t\t\t<\/div>\n\t\t\t\t<\/div>\n\t\t<div class=\"elementor-element elementor-element-8d0e4d6 e-con-full e-flex wpr-particle-no wpr-jarallax-no wpr-parallax-no wpr-sticky-section-no wpr-equal-height-no e-con e-child\" data-id=\"8d0e4d6\" data-element_type=\"container\" data-e-type=\"container\">\n\t\t<div class=\"elementor-element elementor-element-21caba5 e-con-full e-flex wpr-particle-no wpr-jarallax-no wpr-parallax-no wpr-sticky-section-no wpr-equal-height-no e-con e-child\" data-id=\"21caba5\" data-element_type=\"container\" data-e-type=\"container\" data-settings=\"{&quot;background_background&quot;:&quot;classic&quot;}\">\n\t\t\t\t<\/div>\n\t\t\t\t<div class=\"elementor-element elementor-element-eafc9c8 elementor-widget elementor-widget-text-editor\" data-id=\"eafc9c8\" data-element_type=\"widget\" data-e-type=\"widget\" data-widget_type=\"text-editor.default\">\n\t\t\t\t\t\t\t\t\t<p><strong>Stelzenl\u00e4ufer<br><\/strong>April \u2013 August<strong><br><\/strong><\/p><p>Ein unverkennbarer Watvogel mit schwarz-wei\u00dfem Gefieder und eleganten, extrem langen rosa Beinen, die perfekt f\u00fcr die Fortbewegung im seichten Wasser der Lagune geeignet sind.<\/p>\t\t\t\t\t\t\t\t<\/div>\n\t\t\t\t<\/div>\n\t\t<div class=\"elementor-element elementor-element-69f43b4 e-con-full e-flex wpr-particle-no wpr-jarallax-no wpr-parallax-no wpr-sticky-section-no wpr-equal-height-no e-con e-child\" data-id=\"69f43b4\" data-element_type=\"container\" data-e-type=\"container\">\n\t\t<div class=\"elementor-element elementor-element-107d312 e-con-full e-flex wpr-particle-no wpr-jarallax-no wpr-parallax-no wpr-sticky-section-no wpr-equal-height-no e-con e-child\" data-id=\"107d312\" data-element_type=\"container\" data-e-type=\"container\" data-settings=\"{&quot;background_background&quot;:&quot;classic&quot;}\">\n\t\t\t\t<\/div>\n\t\t\t\t<div class=\"elementor-element elementor-element-e0ca973 elementor-widget elementor-widget-text-editor\" data-id=\"e0ca973\" data-element_type=\"widget\" data-e-type=\"widget\" data-widget_type=\"text-editor.default\">\n\t\t\t\t\t\t\t\t\t<p><strong>Gro\u00dfer Brachvogel<\/strong><br>Oktober \u2013 M\u00e4rz<\/p><p>Wir erkennen ihn leicht an seinem sehr langen und stark gebogenen Schnabel, der reich an Rezeptoren ist und Vibrationen der Beute unter dem Sediment wahrnimmt, noch bevor er sie ber\u00fchrt.<\/p>\t\t\t\t\t\t\t\t<\/div>\n\t\t\t\t<\/div>\n\t\t<div class=\"elementor-element elementor-element-3e57e79 e-con-full e-flex wpr-particle-no wpr-jarallax-no wpr-parallax-no wpr-sticky-section-no wpr-equal-height-no e-con e-child\" data-id=\"3e57e79\" data-element_type=\"container\" data-e-type=\"container\">\n\t\t<div class=\"elementor-element elementor-element-a646c0f e-con-full e-flex wpr-particle-no wpr-jarallax-no wpr-parallax-no wpr-sticky-section-no wpr-equal-height-no e-con e-child\" data-id=\"a646c0f\" data-element_type=\"container\" data-e-type=\"container\" data-settings=\"{&quot;background_background&quot;:&quot;classic&quot;}\">\n\t\t\t\t<\/div>\n\t\t\t\t<div class=\"elementor-element elementor-element-e11546f elementor-widget elementor-widget-text-editor\" data-id=\"e11546f\" data-element_type=\"widget\" data-e-type=\"widget\" data-widget_type=\"text-editor.default\">\n\t\t\t\t\t\t\t\t\t<p><strong>Seidenreiher<\/strong> <br>M\u00e4rz \u2013 November<\/p><p>Ein kleiner Reiher mit komplett wei\u00dfem Gefieder und d\u00fcnnem Hals, dunklen Beinen und gelben F\u00fc\u00dfen. <br>W\u00e4hrend der Fortpflanzungszeit tr\u00e4gt das M\u00e4nnchen fadenf\u00f6rmige Schmuckfedern am Kopf und am R\u00fccken. <\/p>\t\t\t\t\t\t\t\t<\/div>\n\t\t\t\t<\/div>\n\t\t<div class=\"elementor-element elementor-element-f4301b6 e-con-full e-flex wpr-particle-no wpr-jarallax-no wpr-parallax-no wpr-sticky-section-no wpr-equal-height-no e-con e-child\" data-id=\"f4301b6\" data-element_type=\"container\" data-e-type=\"container\">\n\t\t<div class=\"elementor-element elementor-element-f63089c e-con-full e-flex wpr-particle-no wpr-jarallax-no wpr-parallax-no wpr-sticky-section-no wpr-equal-height-no e-con e-child\" data-id=\"f63089c\" data-element_type=\"container\" data-e-type=\"container\" data-settings=\"{&quot;background_background&quot;:&quot;classic&quot;}\">\n\t\t\t\t<\/div>\n\t\t\t\t<div class=\"elementor-element elementor-element-f10505e elementor-widget elementor-widget-text-editor\" data-id=\"f10505e\" data-element_type=\"widget\" data-e-type=\"widget\" data-widget_type=\"text-editor.default\">\n\t\t\t\t\t\t\t\t\t<p><strong>Stockente<\/strong><br>Oktober \u2013 M\u00e4rz<\/p><p>Achtung: Bei dieser Entenart hat nur das M\u00e4nnchen die charakteristischen leuchtenden und fast metallischen Farben: gr\u00fcner Kopf, r\u00f6tliche Brust und hellgrauer K\u00f6rper.<br>Das Weibchen hat hingegen eine schlichtere, braun gefleckte F\u00e4rbung. <\/p>\t\t\t\t\t\t\t\t<\/div>\n\t\t\t\t<\/div>\n\t\t<div class=\"elementor-element elementor-element-0df4c61 e-con-full e-flex wpr-particle-no wpr-jarallax-no wpr-parallax-no wpr-sticky-section-no wpr-equal-height-no e-con e-child\" data-id=\"0df4c61\" data-element_type=\"container\" data-e-type=\"container\">\n\t\t<div class=\"elementor-element elementor-element-a8f698a e-con-full e-flex wpr-particle-no wpr-jarallax-no wpr-parallax-no wpr-sticky-section-no wpr-equal-height-no e-con e-child\" data-id=\"a8f698a\" data-element_type=\"container\" data-e-type=\"container\" data-settings=\"{&quot;background_background&quot;:&quot;classic&quot;}\">\n\t\t\t\t<\/div>\n\t\t\t\t<div class=\"elementor-element elementor-element-abb7b61 elementor-widget elementor-widget-text-editor\" data-id=\"abb7b61\" data-element_type=\"widget\" data-e-type=\"widget\" data-widget_type=\"text-editor.default\">\n\t\t\t\t\t\t\t\t\t<p><strong>Bienenfresser<\/strong><br>April \u2013 September<\/p><p>Ein Vogel mit spektakul\u00e4ren Farben: Das Gefieder weist Gr\u00fcn, Blau, Gelb und Kastanienbraun auf! <br>Der Schnabel ist d\u00fcnn und leicht gebogen, mit dem er Insekten im Flug jagt, vor allem Bienen und Wespen.<\/p>\t\t\t\t\t\t\t\t<\/div>\n\t\t\t\t<\/div>\n\t\t<div class=\"elementor-element elementor-element-8b0d891 e-con-full e-flex wpr-particle-no wpr-jarallax-no wpr-parallax-no wpr-sticky-section-no wpr-equal-height-no e-con e-child\" data-id=\"8b0d891\" data-element_type=\"container\" data-e-type=\"container\">\n\t\t<div class=\"elementor-element elementor-element-5e519ef e-con-full e-flex wpr-particle-no wpr-jarallax-no wpr-parallax-no wpr-sticky-section-no wpr-equal-height-no e-con e-child\" data-id=\"5e519ef\" data-element_type=\"container\" data-e-type=\"container\" data-settings=\"{&quot;background_background&quot;:&quot;classic&quot;}\">\n\t\t\t\t<\/div>\n\t\t\t\t<div class=\"elementor-element elementor-element-dc54cc1 elementor-widget elementor-widget-text-editor\" data-id=\"dc54cc1\" data-element_type=\"widget\" data-e-type=\"widget\" data-widget_type=\"text-editor.default\">\n\t\t\t\t\t\t\t\t\t<p><strong>Heiliger Ibis<\/strong><br>M\u00e4rz \u2013 September<\/p><p>Obwohl er oft das ganze Jahr \u00fcber in der Lagune anzutreffen ist, l\u00e4sst er sich im Fr\u00fchling \/ Sommer leichter beobachten.<br>Urspr\u00fcnglich aus Afrika stammend, ist er ein gro\u00dfer wei\u00dfer Vogel mit nacktem schwarzem Kopf und Hals und einem langen, gebogenen Schnabel.<\/p>\t\t\t\t\t\t\t\t<\/div>\n\t\t\t\t<\/div>\n\t\t<div class=\"elementor-element elementor-element-81d0bc0 e-con-full e-flex wpr-particle-no wpr-jarallax-no wpr-parallax-no wpr-sticky-section-no wpr-equal-height-no e-con e-child\" data-id=\"81d0bc0\" data-element_type=\"container\" data-e-type=\"container\">\n\t\t<div class=\"elementor-element elementor-element-57a16a1 e-con-full e-flex wpr-particle-no wpr-jarallax-no wpr-parallax-no wpr-sticky-section-no wpr-equal-height-no e-con e-child\" data-id=\"57a16a1\" data-element_type=\"container\" data-e-type=\"container\" data-settings=\"{&quot;background_background&quot;:&quot;classic&quot;}\">\n\t\t\t\t<\/div>\n\t\t\t\t<div class=\"elementor-element elementor-element-ad8dc4f elementor-widget elementor-widget-text-editor\" data-id=\"ad8dc4f\" data-element_type=\"widget\" data-e-type=\"widget\" data-widget_type=\"text-editor.default\">\n\t\t\t\t\t\t\t\t\t<p><strong>Eisvogel<\/strong><br>Februar \u2013 Oktober<\/p><p>Mit seinem typisch farbenfrohen Gefieder ist er in der Lage, mit schnellem Fl\u00fcgelschlag perfekt in der Luft stehen zu bleiben (R\u00fcttelflug), um dann ins Wasser einzutauchen und haupts\u00e4chlich kleine Fische zu fangen.<\/p>\t\t\t\t\t\t\t\t<\/div>\n\t\t\t\t<\/div>\n\t\t<div class=\"elementor-element elementor-element-184dd1c e-con-full e-flex wpr-particle-no wpr-jarallax-no wpr-parallax-no wpr-sticky-section-no wpr-equal-height-no e-con e-child\" data-id=\"184dd1c\" data-element_type=\"container\" data-e-type=\"container\">\n\t\t<div class=\"elementor-element elementor-element-0b6cfb7 e-con-full e-flex wpr-particle-no wpr-jarallax-no wpr-parallax-no wpr-sticky-section-no wpr-equal-height-no e-con e-child\" data-id=\"0b6cfb7\" data-element_type=\"container\" data-e-type=\"container\" data-settings=\"{&quot;background_background&quot;:&quot;classic&quot;}\">\n\t\t\t\t<\/div>\n\t\t\t\t<div class=\"elementor-element elementor-element-1232000 elementor-widget elementor-widget-text-editor\" data-id=\"1232000\" data-element_type=\"widget\" data-e-type=\"widget\" data-widget_type=\"text-editor.default\">\n\t\t\t\t\t\t\t\t\t<p><strong>Graugans<\/strong><br>Oktober \u2013 M\u00e4rz<\/p><p>Eine Entenart mit grau gestreiftem Gefieder an Bauch, Hals und Fl\u00fcgeln. <br>Wir sehen sie oft in der Lagune, wie sie sich von Samen, Wasserpflanzen und kleinen wirbellosen Tieren ern\u00e4hrt.<\/p>\t\t\t\t\t\t\t\t<\/div>\n\t\t\t\t<\/div>\n\t\t<div class=\"elementor-element elementor-element-bca4ddb e-con-full e-flex wpr-particle-no wpr-jarallax-no wpr-parallax-no wpr-sticky-section-no wpr-equal-height-no e-con e-child\" data-id=\"bca4ddb\" data-element_type=\"container\" data-e-type=\"container\">\n\t\t<div class=\"elementor-element elementor-element-72e2ad2 e-con-full e-flex wpr-particle-no wpr-jarallax-no wpr-parallax-no wpr-sticky-section-no wpr-equal-height-no e-con e-child\" data-id=\"72e2ad2\" data-element_type=\"container\" data-e-type=\"container\" data-settings=\"{&quot;background_background&quot;:&quot;classic&quot;}\">\n\t\t\t\t<\/div>\n\t\t\t\t<div class=\"elementor-element elementor-element-c71e1e1 elementor-widget elementor-widget-text-editor\" data-id=\"c71e1e1\" data-element_type=\"widget\" data-e-type=\"widget\" data-widget_type=\"text-editor.default\">\n\t\t\t\t\t\t\t\t\t<p><strong>Kiebitz<\/strong><br>Oktober \u2013 M\u00e4rz<\/p><p>Mit seiner typischen dunklen Haube verdankt er seinen Namen dem Gefieder mit metallischen Reflexen, das an einen Pfau erinnert. W\u00e4hrend der \u00dcberwinterung versammelt er sich in gro\u00dfen Schw\u00e4rmen in den landwirtschaftlichen Gebieten und Feuchtt\u00e4lern der Lagune von Venedig. <\/p>\t\t\t\t\t\t\t\t<\/div>\n\t\t\t\t<\/div>\n\t\t<div class=\"elementor-element elementor-element-a2e0557 e-con-full e-flex wpr-particle-no wpr-jarallax-no wpr-parallax-no wpr-sticky-section-no wpr-equal-height-no e-con e-child\" data-id=\"a2e0557\" data-element_type=\"container\" data-e-type=\"container\">\n\t\t<div class=\"elementor-element elementor-element-2467cb2 e-con-full e-flex wpr-particle-no wpr-jarallax-no wpr-parallax-no wpr-sticky-section-no wpr-equal-height-no e-con e-child\" data-id=\"2467cb2\" data-element_type=\"container\" data-e-type=\"container\" data-settings=\"{&quot;background_background&quot;:&quot;classic&quot;}\">\n\t\t\t\t<\/div>\n\t\t\t\t<div class=\"elementor-element elementor-element-7d6a05f elementor-widget elementor-widget-text-editor\" data-id=\"7d6a05f\" data-element_type=\"widget\" data-e-type=\"widget\" data-widget_type=\"text-editor.default\">\n\t\t\t\t\t\t\t\t\t<p><strong>Wiedehopf<\/strong><br>M\u00e4rz \u2013 September<\/p><p>Ein unverkennbarer Vogel mit einer orange-zimtfarbenen Haube mit schwarzen Spitzen, schwarz-wei\u00dfen Fl\u00fcgeln und einem langen, gebogenen Schnabel.<br>Sein wellenf\u00f6rmiger Flug erinnert an einen riesigen Schmetterling!<\/p>\t\t\t\t\t\t\t\t<\/div>\n\t\t\t\t<\/div>\n\t\t<div class=\"elementor-element elementor-element-b9d46dc e-con-full e-flex wpr-particle-no wpr-jarallax-no wpr-parallax-no wpr-sticky-section-no wpr-equal-height-no e-con e-child\" data-id=\"b9d46dc\" data-element_type=\"container\" data-e-type=\"container\">\n\t\t<div class=\"elementor-element elementor-element-6af2c15 e-con-full e-flex wpr-particle-no wpr-jarallax-no wpr-parallax-no wpr-sticky-section-no wpr-equal-height-no e-con e-child\" data-id=\"6af2c15\" data-element_type=\"container\" data-e-type=\"container\" data-settings=\"{&quot;background_background&quot;:&quot;classic&quot;}\">\n\t\t\t\t<\/div>\n\t\t\t\t<div class=\"elementor-element elementor-element-9c979c9 elementor-widget elementor-widget-text-editor\" data-id=\"9c979c9\" data-element_type=\"widget\" data-e-type=\"widget\" data-widget_type=\"text-editor.default\">\n\t\t\t\t\t\t\t\t\t<p><strong>Brandgans<\/strong><br>M\u00e4rz \u2013 August<\/p><p>Diese Entenart ist leicht an ihrem wei\u00dfen Gefieder mit dunklen B\u00e4ndern und dem schwarzen Kopf zu erkennen, von dem sich der leuchtend rote Schnabel abhebt. <br>Sie bewegt sich im flachen Wasser der Lagune auf der Suche nach Weichtieren, Krebstieren und kleinen wirbellosen Tieren.<\/p>\t\t\t\t\t\t\t\t<\/div>\n\t\t\t\t<\/div>\n\t\t\t\t<\/div>\n\t\t<div class=\"elementor-element elementor-element-d50b724 e-con-full e-grid elementor-hidden-mobile wpr-particle-no wpr-jarallax-no wpr-parallax-no wpr-sticky-section-no wpr-equal-height-no e-con e-child\" data-id=\"d50b724\" data-element_type=\"container\" data-e-type=\"container\">\n\t\t<div class=\"elementor-element elementor-element-f7b5b37 e-con-full e-flex wpr-particle-no wpr-jarallax-no wpr-parallax-no wpr-sticky-section-no wpr-equal-height-no e-con e-child\" data-id=\"f7b5b37\" data-element_type=\"container\" data-e-type=\"container\">\n\t\t<div class=\"elementor-element elementor-element-165436a e-con-full e-flex wpr-particle-no wpr-jarallax-no wpr-parallax-no wpr-sticky-section-no wpr-equal-height-no e-con e-child\" data-id=\"165436a\" data-element_type=\"container\" data-e-type=\"container\" data-settings=\"{&quot;background_background&quot;:&quot;classic&quot;}\">\n\t\t\t\t<\/div>\n\t\t<div class=\"elementor-element elementor-element-117f1be e-con-full e-flex wpr-particle-no wpr-jarallax-no wpr-parallax-no wpr-sticky-section-no wpr-equal-height-no e-con e-child\" data-id=\"117f1be\" data-element_type=\"container\" data-e-type=\"container\" data-settings=\"{&quot;background_background&quot;:&quot;classic&quot;}\">\n\t\t\t\t<\/div>\n\t\t\t\t<\/div>\n\t\t<div class=\"elementor-element elementor-element-4dbd369 e-con-full e-flex wpr-particle-no wpr-jarallax-no wpr-parallax-no wpr-sticky-section-no wpr-equal-height-no e-con e-child\" data-id=\"4dbd369\" data-element_type=\"container\" data-e-type=\"container\">\n\t\t<div class=\"elementor-element elementor-element-3dae52c e-con-full e-flex wpr-particle-no wpr-jarallax-no wpr-parallax-no wpr-sticky-section-no wpr-equal-height-no e-con e-child\" data-id=\"3dae52c\" data-element_type=\"container\" data-e-type=\"container\" data-settings=\"{&quot;background_background&quot;:&quot;classic&quot;}\">\n\t\t\t\t<\/div>\n\t\t\t\t<\/div>\n\t\t\t\t<\/div>\n\t\t\t\t<\/div>\n\t\t\t\t<div class=\"elementor-element elementor-element-b914a43 elementor-hidden-desktop elementor-hidden-tablet elementor-widget-divider--view-line elementor-widget elementor-widget-divider\" data-id=\"b914a43\" data-element_type=\"widget\" data-e-type=\"widget\" data-widget_type=\"divider.default\">\n\t\t\t\t\t\t\t<div class=\"elementor-divider\">\n\t\t\t<span class=\"elementor-divider-separator\">\n\t\t\t\t\t\t<\/span>\n\t\t<\/div>\n\t\t\t\t\t\t<\/div>\n\t\t<div class=\"elementor-element elementor-element-8e21b64 e-con-full e-flex wpr-particle-no wpr-jarallax-no wpr-parallax-no wpr-sticky-section-no wpr-equal-height-no e-con e-child\" data-id=\"8e21b64\" data-element_type=\"container\" data-e-type=\"container\" id=\"stanziali\" data-settings=\"{&quot;background_background&quot;:&quot;classic&quot;}\">\n\t\t<div class=\"elementor-element elementor-element-0d40da8 e-con-full e-flex wpr-particle-no wpr-jarallax-no wpr-parallax-no wpr-sticky-section-no wpr-equal-height-no e-con e-child\" data-id=\"0d40da8\" data-element_type=\"container\" data-e-type=\"container\">\n\t\t\t\t<div class=\"elementor-element elementor-element-e1feaec elementor-widget elementor-widget-heading\" data-id=\"e1feaec\" data-element_type=\"widget\" data-e-type=\"widget\" data-widget_type=\"heading.default\">\n\t\t\t\t\t<h2 class=\"elementor-heading-title elementor-size-default\">Ganzj\u00e4hrig<\/h2>\t\t\t\t<\/div>\n\t\t\t\t<\/div>\n\t\t<div class=\"elementor-element elementor-element-6f3177e e-grid e-con-full wpr-particle-no wpr-jarallax-no wpr-parallax-no wpr-sticky-section-no wpr-equal-height-no e-con e-child\" data-id=\"6f3177e\" data-element_type=\"container\" data-e-type=\"container\">\n\t\t<div class=\"elementor-element elementor-element-80e2fa7 e-con-full e-flex wpr-particle-no wpr-jarallax-no wpr-parallax-no wpr-sticky-section-no wpr-equal-height-no e-con e-child\" data-id=\"80e2fa7\" data-element_type=\"container\" data-e-type=\"container\">\n\t\t<div class=\"elementor-element elementor-element-d788dc0 e-con-full e-flex wpr-particle-no wpr-jarallax-no wpr-parallax-no wpr-sticky-section-no wpr-equal-height-no e-con e-child\" data-id=\"d788dc0\" data-element_type=\"container\" data-e-type=\"container\" data-settings=\"{&quot;background_background&quot;:&quot;classic&quot;}\">\n\t\t\t\t<\/div>\n\t\t\t\t<div class=\"elementor-element elementor-element-9d852d9 elementor-widget elementor-widget-text-editor\" data-id=\"9d852d9\" data-element_type=\"widget\" data-e-type=\"widget\" data-widget_type=\"text-editor.default\">\n\t\t\t\t\t\t\t\t\t<p><strong>Graureiher<\/strong><\/p><p>Mit seinem typischen aschgrauen Gefieder und dem schwarzen Schopf h\u00e4lt er sich in der Lagune auf, wo er regungslos im flachen Wasser verharrt, bereit, Fische, Amphibien und kleine Reptilien mit schnellen und pr\u00e4zisen Schnabelhieben zu erlegen.<\/p>\t\t\t\t\t\t\t\t<\/div>\n\t\t\t\t<\/div>\n\t\t<div class=\"elementor-element elementor-element-e661530 e-con-full e-flex wpr-particle-no wpr-jarallax-no wpr-parallax-no wpr-sticky-section-no wpr-equal-height-no e-con e-child\" data-id=\"e661530\" data-element_type=\"container\" data-e-type=\"container\">\n\t\t<div class=\"elementor-element elementor-element-9962788 e-con-full e-flex wpr-particle-no wpr-jarallax-no wpr-parallax-no wpr-sticky-section-no wpr-equal-height-no e-con e-child\" data-id=\"9962788\" data-element_type=\"container\" data-e-type=\"container\" data-settings=\"{&quot;background_background&quot;:&quot;classic&quot;}\">\n\t\t\t\t<\/div>\n\t\t\t\t<div class=\"elementor-element elementor-element-3745989 elementor-widget elementor-widget-text-editor\" data-id=\"3745989\" data-element_type=\"widget\" data-e-type=\"widget\" data-widget_type=\"text-editor.default\">\n\t\t\t\t\t\t\t\t\t<p><strong>Austernfischer<\/strong><\/p><p>Der Austernfischer ist bekannt f\u00fcr seinen langen und kr\u00e4ftigen rot-orangen Schnabel, der einem Mei\u00dfel \u00e4hnelt und mit dem er die Schalen von Muscheln durch wiederholtes Klopfen aufbricht. Viele Individuen sind mittlerweile standorttreu. <\/p>\t\t\t\t\t\t\t\t<\/div>\n\t\t\t\t<\/div>\n\t\t<div class=\"elementor-element elementor-element-37f4a40 e-con-full e-flex wpr-particle-no wpr-jarallax-no wpr-parallax-no wpr-sticky-section-no wpr-equal-height-no e-con e-child\" data-id=\"37f4a40\" data-element_type=\"container\" data-e-type=\"container\">\n\t\t<div class=\"elementor-element elementor-element-bfac93f e-con-full e-flex wpr-particle-no wpr-jarallax-no wpr-parallax-no wpr-sticky-section-no wpr-equal-height-no e-con e-child\" data-id=\"bfac93f\" data-element_type=\"container\" data-e-type=\"container\" data-settings=\"{&quot;background_background&quot;:&quot;classic&quot;}\">\n\t\t\t\t<\/div>\n\t\t\t\t<div class=\"elementor-element elementor-element-aafbb84 elementor-widget elementor-widget-text-editor\" data-id=\"aafbb84\" data-element_type=\"widget\" data-e-type=\"widget\" data-widget_type=\"text-editor.default\">\n\t\t\t\t\t\t\t\t\t<p><strong>H\u00f6ckerschwan<\/strong><\/p><p>Wei\u00df und mit schlankem Hals sehen wir ihn majest\u00e4tisch in den Fischzuchtt\u00e4lern und Kan\u00e4len der Lagune von Venedig schwimmen, w\u00e4hrend er mit seinem Schnabel Wasserpflanzen und kleine wirbellose Tiere filtert.<br><br><\/p>\t\t\t\t\t\t\t\t<\/div>\n\t\t\t\t<\/div>\n\t\t<div class=\"elementor-element elementor-element-9ed4e6f e-con-full e-flex wpr-particle-no wpr-jarallax-no wpr-parallax-no wpr-sticky-section-no wpr-equal-height-no e-con e-child\" data-id=\"9ed4e6f\" data-element_type=\"container\" data-e-type=\"container\">\n\t\t<div class=\"elementor-element elementor-element-fed7a6c e-con-full e-flex wpr-particle-no wpr-jarallax-no wpr-parallax-no wpr-sticky-section-no wpr-equal-height-no e-con e-child\" data-id=\"fed7a6c\" data-element_type=\"container\" data-e-type=\"container\" data-settings=\"{&quot;background_background&quot;:&quot;classic&quot;}\">\n\t\t\t\t<\/div>\n\t\t\t\t<div class=\"elementor-element elementor-element-4c509e5 elementor-widget elementor-widget-text-editor\" data-id=\"4c509e5\" data-element_type=\"widget\" data-e-type=\"widget\" data-widget_type=\"text-editor.default\">\n\t\t\t\t\t\t\t\t\t<p><strong>Kormoran<\/strong><\/p><p>Mit seinem gl\u00e4nzend schwarzen K\u00f6rper taucht er in der Lagune nach Fischen und Krebstieren. Nach dem Fischen sehen wir ihn in der typischen Pose des <em>Sonnens<\/em> auf einem Ansitz mit ausgebreiteten Fl\u00fcgeln, um sie in der Sonne zu trocknen. <\/p>\t\t\t\t\t\t\t\t<\/div>\n\t\t\t\t<\/div>\n\t\t<div class=\"elementor-element elementor-element-625d71d e-con-full e-flex wpr-particle-no wpr-jarallax-no wpr-parallax-no wpr-sticky-section-no wpr-equal-height-no e-con e-child\" data-id=\"625d71d\" data-element_type=\"container\" data-e-type=\"container\">\n\t\t<div class=\"elementor-element elementor-element-559a0ee e-con-full e-flex wpr-particle-no wpr-jarallax-no wpr-parallax-no wpr-sticky-section-no wpr-equal-height-no e-con e-child\" data-id=\"559a0ee\" data-element_type=\"container\" data-e-type=\"container\" data-settings=\"{&quot;background_background&quot;:&quot;classic&quot;}\">\n\t\t\t\t<\/div>\n\t\t\t\t<div class=\"elementor-element elementor-element-74aafe8 elementor-widget elementor-widget-text-editor\" data-id=\"74aafe8\" data-element_type=\"widget\" data-e-type=\"widget\" data-widget_type=\"text-editor.default\">\n\t\t\t\t\t\t\t\t\t<p><strong>Mittelmeerm\u00f6we<\/strong><\/p><p>Ein Vogel mit opportunistischer Ern\u00e4hrungsweise, der Sandb\u00e4nke, M\u00fclldeponien und Stadtzentren der Lagune von Venedig aufsucht, wo er sich von Fischen, Eiern, kleinen Wirbeltieren, aber auch von Abf\u00e4llen ern\u00e4hrt. Es wurde beobachtet, wie sie andere V\u00f6gel verfolgt, um ihnen das Futter zu stehlen. <\/p>\t\t\t\t\t\t\t\t<\/div>\n\t\t\t\t<\/div>\n\t\t<div class=\"elementor-element elementor-element-488be37 e-con-full e-flex wpr-particle-no wpr-jarallax-no wpr-parallax-no wpr-sticky-section-no wpr-equal-height-no e-con e-child\" data-id=\"488be37\" data-element_type=\"container\" data-e-type=\"container\">\n\t\t<div class=\"elementor-element elementor-element-b09e6e4 e-con-full e-flex wpr-particle-no wpr-jarallax-no wpr-parallax-no wpr-sticky-section-no wpr-equal-height-no e-con e-child\" data-id=\"b09e6e4\" data-element_type=\"container\" data-e-type=\"container\" data-settings=\"{&quot;background_background&quot;:&quot;classic&quot;}\">\n\t\t\t\t<\/div>\n\t\t\t\t<div class=\"elementor-element elementor-element-101015d elementor-widget elementor-widget-text-editor\" data-id=\"101015d\" data-element_type=\"widget\" data-e-type=\"widget\" data-widget_type=\"text-editor.default\">\n\t\t\t\t\t\t\t\t\t<p><strong>Rotschenkel oder Gr\u00fcnschenkel<\/strong><\/p><p>Er h\u00e4lt sich in der Lagune auf, wo er mit seinem langen, geraden Schnabel den Schlamm nach W\u00fcrmern und Krebstieren absucht. Lokal teilweise br\u00fctend, ist er im Winter w\u00e4hrend der \u00dcberwinterung zahlreicher anzutreffen. <\/p>\t\t\t\t\t\t\t\t<\/div>\n\t\t\t\t<\/div>\n\t\t<div class=\"elementor-element elementor-element-58d7876 e-con-full e-flex wpr-particle-no wpr-jarallax-no wpr-parallax-no wpr-sticky-section-no wpr-equal-height-no e-con e-child\" data-id=\"58d7876\" data-element_type=\"container\" data-e-type=\"container\">\n\t\t<div class=\"elementor-element elementor-element-13962c0 e-con-full e-flex wpr-particle-no wpr-jarallax-no wpr-parallax-no wpr-sticky-section-no wpr-equal-height-no e-con e-child\" data-id=\"13962c0\" data-element_type=\"container\" data-e-type=\"container\" data-settings=\"{&quot;background_background&quot;:&quot;classic&quot;}\">\n\t\t\t\t<\/div>\n\t\t\t\t<div class=\"elementor-element elementor-element-2aa828c elementor-widget elementor-widget-text-editor\" data-id=\"2aa828c\" data-element_type=\"widget\" data-e-type=\"widget\" data-widget_type=\"text-editor.default\">\n\t\t\t\t\t\t\t\t\t<p><strong>M\u00e4usebussard<\/strong><\/p><p>Wir sehen diesen verbreiteten tagaktiven Greifvogel hoch \u00fcber den Sandb\u00e4nken und T\u00e4lern der Lagune von Venedig kreisen, auf der Suche nach Nagetieren, V\u00f6geln und Reptilien. Er ist standorttreu, und die Paare, die lebenslang monogam bleiben, sind territorial. <\/p>\t\t\t\t\t\t\t\t<\/div>\n\t\t\t\t<\/div>\n\t\t\t\t<\/div>\n\t\t<div class=\"elementor-element elementor-element-d66c6c2 e-con-full e-grid elementor-hidden-mobile wpr-particle-no wpr-jarallax-no wpr-parallax-no wpr-sticky-section-no wpr-equal-height-no e-con e-child\" data-id=\"d66c6c2\" data-element_type=\"container\" data-e-type=\"container\">\n\t\t<div class=\"elementor-element elementor-element-d8298cd e-con-full e-flex wpr-particle-no wpr-jarallax-no wpr-parallax-no wpr-sticky-section-no wpr-equal-height-no e-con e-child\" data-id=\"d8298cd\" data-element_type=\"container\" data-e-type=\"container\">\n\t\t<div class=\"elementor-element elementor-element-04078c1 e-con-full e-flex wpr-particle-no wpr-jarallax-no wpr-parallax-no wpr-sticky-section-no wpr-equal-height-no e-con e-child\" data-id=\"04078c1\" data-element_type=\"container\" data-e-type=\"container\" data-settings=\"{&quot;background_background&quot;:&quot;classic&quot;}\">\n\t\t\t\t<\/div>\n\t\t<div class=\"elementor-element elementor-element-2ea131e e-con-full e-flex wpr-particle-no wpr-jarallax-no wpr-parallax-no wpr-sticky-section-no wpr-equal-height-no e-con e-child\" data-id=\"2ea131e\" data-element_type=\"container\" data-e-type=\"container\" data-settings=\"{&quot;background_background&quot;:&quot;classic&quot;}\">\n\t\t\t\t<\/div>\n\t\t\t\t<\/div>\n\t\t<div class=\"elementor-element elementor-element-2cc9100 e-con-full e-flex wpr-particle-no wpr-jarallax-no wpr-parallax-no wpr-sticky-section-no wpr-equal-height-no e-con e-child\" data-id=\"2cc9100\" data-element_type=\"container\" data-e-type=\"container\">\n\t\t<div class=\"elementor-element elementor-element-7a0690f e-con-full e-flex wpr-particle-no wpr-jarallax-no wpr-parallax-no wpr-sticky-section-no wpr-equal-height-no e-con e-child\" data-id=\"7a0690f\" data-element_type=\"container\" data-e-type=\"container\" data-settings=\"{&quot;background_background&quot;:&quot;classic&quot;}\">\n\t\t\t\t<\/div>\n\t\t\t\t<\/div>\n\t\t\t\t<\/div>\n\t\t\t\t<\/div>\n\t\t\t\t\t<\/div>\n\t\t\t\t<\/div>\n\t\t\t\t<\/div>\n\t\t","protected":false},"excerpt":{"rendered":"<p>Birdwatching in der Lagune von Venedig Einf\u00fchrung in die Vogelwelt der Lagune Die Lagune von Venedig ist nicht nur ein Ort von au\u00dfergew\u00f6hnlicher Sch\u00f6nheit, sondern auch ein Lebensraum reich an Biodiversit\u00e4t, besonders f\u00fcr Birdwatching-Begeisterte. Eingebettet in ein einzigartiges \u00d6kosystem, beherbergt dieses Gebiet eine Vielzahl von Vogelarten, die man zu jeder Jahreszeit beobachten kann. Von ruhigen Gew\u00e4ssern bis hin zu Feuchtgebieten bietet die Lagune vielen Zug- und Standv\u00f6geln Unterschlupf und macht jeden Besuch zu einer unverzichtbaren Gelegenheit f\u00fcr Naturfreunde. Im Laufe des Jahres \u2192 k\u00f6nnen wir zum Beispiel H\u00f6ckerschwan-Paare sehen, die sanft \u00fcber das Wasser der Lagune oder der Kan\u00e4le gleiten, die Mittelmeerm\u00f6we (hier auch Coc\u00e0l oder Croc\u00e0i genannt), den Kormoran, den wir oft mit ausgebreiteten Fl\u00fcgeln beim Sonnenbaden sehen, und den Seidenreiher, das Symbol des Tourismusparks von Cavallino Treporti. Aber erst im Fr\u00fchling \/ Sommer \u2192 f\u00fcllt sich die Lagune mit Leben und beherbergt Hunderte von Zugv\u00f6geln, die den Winter vor allem in Afrika verbringen, um nach Italien zur\u00fcckzukehren, wenn das Nahrungsangebot reichlicher und das Klima milder ist. Wenn du dich f\u00fcr Birdwatching und Fotografie begeisterst, erwarten wir dich im Miramare! Der wahre Protagonist der Lagune: der Flamingo Er braucht keine Vorstellung: Der Rosaflamingo ist ein gro\u00dfer Wasservogel, der leicht an seinem langen, geschwungenen Hals, den extrem langen, d\u00fcnnen Beinen und dem charakteristischen dicken, gebogenen Schnabel zu erkennen ist. Die rosa Farbe stammt von den Carotinoid-Pigmenten in den kleinen Krebstieren, Weichtieren und Algen, die seine Nahrung bilden: Je mehr Pigmente sie aufnehmen, desto intensiver wird das Rosa der Federn. In der Lagune von Venedig kann man ihn haupts\u00e4chlich zwischen M\u00e4rz und Oktober beobachten, wenn das flache Brackwasser reichlich Nahrung und geeignete Pl\u00e4tze zum Ausruhen und Br\u00fcten bietet. Die K\u00fcken schl\u00fcpfen in der Regel zwischen Mai und Juli mit einem grau-wei\u00dfen Gefieder, das in den folgenden Jahren dank der Ern\u00e4hrung rosa wird. Der Flamingo ern\u00e4hrt sich, indem er das Wasser mit seinem speziellen, umgedrehten und l\u00f6ffelf\u00f6rmigen Schnabel filtert, um Krebstiere, kleine Weichtiere, Insektenlarven und Algen zu fangen. Sommersaison W\u00e4hrend des Sommers verwandelt sich die Lagune von Venedig in ein wahres Paradies f\u00fcr Birdwatching-Liebhaber. SilberreiherM\u00e4rz \u2013 November Ein eleganter und schlanker Vogel, wei\u00df mit langen, dunkelgelben Beinen und einem d\u00fcnnen Hals. Er bewegt sich langsam durch das flache Wasser der Lagune und der Kan\u00e4le auf der Suche nach Fischen, Fr\u00f6schen und kleinen Krebstieren, die er mit schnellen Schnabelhieben f\u00e4ngt. S\u00e4belschn\u00e4blerM\u00e4rz \u2013 August Er hat ein schwarz-wei\u00dfes Gefieder und einen unverkennbaren langen, d\u00fcnnen, nach oben gebogenen Schnabel, mit dem der S\u00e4belschn\u00e4bler den Schlamm \u201ek\u00e4mmt\u201c, um Insekten, Krebstiere und kleine Weichtiere zu fangen. SchlangenadlerApril \u2013 September Ein tagaktiver Greifvogel mit hellem Gefieder auf der Unterseite und dunkleren Fl\u00fcgeln. In der Lagune sehen wir ihn tief fliegen, auf der Suche nach Nagetieren und Amphibien. Als Zugvogel zieht er vor allem im Fr\u00fchjahr und Herbst durch. Stelzenl\u00e4uferApril \u2013 August Ein unverkennbarer Watvogel mit schwarz-wei\u00dfem Gefieder und eleganten, extrem langen rosa Beinen, die perfekt f\u00fcr die Fortbewegung im seichten Wasser der Lagune geeignet sind. Gro\u00dfer BrachvogelOktober \u2013 M\u00e4rz Wir erkennen ihn leicht an seinem sehr langen und stark gebogenen Schnabel, der reich an Rezeptoren ist und Vibrationen der Beute unter dem Sediment wahrnimmt, noch bevor er sie ber\u00fchrt. Seidenreiher M\u00e4rz \u2013 November Ein kleiner Reiher mit komplett wei\u00dfem Gefieder und d\u00fcnnem Hals, dunklen Beinen und gelben F\u00fc\u00dfen. W\u00e4hrend der Fortpflanzungszeit tr\u00e4gt das M\u00e4nnchen fadenf\u00f6rmige Schmuckfedern am Kopf und am R\u00fccken. StockenteOktober \u2013 M\u00e4rz Achtung: Bei dieser Entenart hat nur das M\u00e4nnchen die charakteristischen leuchtenden und fast metallischen Farben: gr\u00fcner Kopf, r\u00f6tliche Brust und hellgrauer K\u00f6rper.Das Weibchen hat hingegen eine schlichtere, braun gefleckte F\u00e4rbung. BienenfresserApril \u2013 September Ein Vogel mit spektakul\u00e4ren Farben: Das Gefieder weist Gr\u00fcn, Blau, Gelb und Kastanienbraun auf! Der Schnabel ist d\u00fcnn und leicht gebogen, mit dem er Insekten im Flug jagt, vor allem Bienen und Wespen. Heiliger IbisM\u00e4rz \u2013 September Obwohl er oft das ganze Jahr \u00fcber in der Lagune anzutreffen ist, l\u00e4sst er sich im Fr\u00fchling \/ Sommer leichter beobachten.Urspr\u00fcnglich aus Afrika stammend, ist er ein gro\u00dfer wei\u00dfer Vogel mit nacktem schwarzem Kopf und Hals und einem langen, gebogenen Schnabel. EisvogelFebruar \u2013 Oktober Mit seinem typisch farbenfrohen Gefieder ist er in der Lage, mit schnellem Fl\u00fcgelschlag perfekt in der Luft stehen zu bleiben (R\u00fcttelflug), um dann ins Wasser einzutauchen und haupts\u00e4chlich kleine Fische zu fangen. GraugansOktober \u2013 M\u00e4rz Eine Entenart mit grau gestreiftem Gefieder an Bauch, Hals und Fl\u00fcgeln. Wir sehen sie oft in der Lagune, wie sie sich von Samen, Wasserpflanzen und kleinen wirbellosen Tieren ern\u00e4hrt. KiebitzOktober \u2013 M\u00e4rz Mit seiner typischen dunklen Haube verdankt er seinen Namen dem Gefieder mit metallischen Reflexen, das an einen Pfau erinnert. W\u00e4hrend der \u00dcberwinterung versammelt er sich in gro\u00dfen Schw\u00e4rmen in den landwirtschaftlichen Gebieten und Feuchtt\u00e4lern der Lagune von Venedig. WiedehopfM\u00e4rz \u2013 September Ein unverkennbarer Vogel mit einer orange-zimtfarbenen Haube mit schwarzen Spitzen, schwarz-wei\u00dfen Fl\u00fcgeln und einem langen, gebogenen Schnabel.Sein wellenf\u00f6rmiger Flug erinnert an einen riesigen Schmetterling! BrandgansM\u00e4rz \u2013 August Diese Entenart ist leicht an ihrem wei\u00dfen Gefieder mit dunklen B\u00e4ndern und dem schwarzen Kopf zu erkennen, von dem sich der leuchtend rote Schnabel abhebt. Sie bewegt sich im flachen Wasser der Lagune auf der Suche nach Weichtieren, Krebstieren und kleinen wirbellosen Tieren. Ganzj\u00e4hrig Graureiher Mit seinem typischen aschgrauen Gefieder und dem schwarzen Schopf h\u00e4lt er sich in der Lagune auf, wo er regungslos im flachen Wasser verharrt, bereit, Fische, Amphibien und kleine Reptilien mit schnellen und pr\u00e4zisen Schnabelhieben zu erlegen. Austernfischer Der Austernfischer ist bekannt f\u00fcr seinen langen und kr\u00e4ftigen rot-orangen Schnabel, der einem Mei\u00dfel \u00e4hnelt und mit dem er die Schalen von Muscheln durch wiederholtes Klopfen aufbricht. Viele Individuen sind mittlerweile standorttreu. H\u00f6ckerschwan Wei\u00df und mit schlankem Hals sehen wir ihn majest\u00e4tisch in den Fischzuchtt\u00e4lern und Kan\u00e4len der Lagune von Venedig schwimmen, w\u00e4hrend er mit seinem Schnabel Wasserpflanzen und kleine wirbellose Tiere filtert. Kormoran Mit seinem gl\u00e4nzend schwarzen K\u00f6rper taucht er in der Lagune nach Fischen und Krebstieren. Nach dem Fischen sehen wir ihn in der typischen Pose des Sonnens auf einem Ansitz mit ausgebreiteten Fl\u00fcgeln, um sie in der Sonne zu trocknen. Mittelmeerm\u00f6we Ein Vogel mit opportunistischer Ern\u00e4hrungsweise, der Sandb\u00e4nke, M\u00fclldeponien<\/p>\n","protected":false},"author":1,"featured_media":0,"parent":3242,"menu_order":0,"comment_status":"closed","ping_status":"closed","template":"","meta":{"footnotes":""},"class_list":["post-3027","page","type-page","status-publish","hentry"],"blocksy_meta":[],"_links":{"self":[{"href":"https:\/\/miramarevenezia.it\/de\/wp-json\/wp\/v2\/pages\/3027","targetHints":{"allow":["GET"]}}],"collection":[{"href":"https:\/\/miramarevenezia.it\/de\/wp-json\/wp\/v2\/pages"}],"about":[{"href":"https:\/\/miramarevenezia.it\/de\/wp-json\/wp\/v2\/types\/page"}],"author":[{"embeddable":true,"href":"https:\/\/miramarevenezia.it\/de\/wp-json\/wp\/v2\/users\/1"}],"replies":[{"embeddable":true,"href":"https:\/\/miramarevenezia.it\/de\/wp-json\/wp\/v2\/comments?post=3027"}],"version-history":[{"count":1,"href":"https:\/\/miramarevenezia.it\/de\/wp-json\/wp\/v2\/pages\/3027\/revisions"}],"predecessor-version":[{"id":3067,"href":"https:\/\/miramarevenezia.it\/de\/wp-json\/wp\/v2\/pages\/3027\/revisions\/3067"}],"up":[{"embeddable":true,"href":"https:\/\/miramarevenezia.it\/de\/wp-json\/wp\/v2\/pages\/3242"}],"wp:attachment":[{"href":"https:\/\/miramarevenezia.it\/de\/wp-json\/wp\/v2\/media?parent=3027"}],"curies":[{"name":"wp","href":"https:\/\/api.w.org\/{rel}","templated":true}]}}