{"id":2931,"date":"2026-01-22T19:31:37","date_gmt":"2026-01-22T18:31:37","guid":{"rendered":"https:\/\/miramarevenezia.it\/actualites\/"},"modified":"2026-03-10T20:32:36","modified_gmt":"2026-03-10T19:32:36","slug":"actualites","status":"publish","type":"page","link":"https:\/\/miramarevenezia.it\/fr\/actualites\/","title":{"rendered":"Actualit\u00e9s"},"content":{"rendered":"\t\t<div data-elementor-type=\"wp-page\" data-elementor-id=\"2931\" class=\"elementor elementor-2931 elementor-1259\">\n\t\t\t\t<div class=\"wpr-jarallax elementor-element elementor-element-e458469 parallax-sopra wpr-jarallax-yes e-flex e-con-boxed wpr-particle-no wpr-parallax-no wpr-sticky-section-no wpr-equal-height-no e-con e-parent\" speed-data=\"1.1\" bg-image=\"https:\/\/miramarevenezia.it\/wp-content\/uploads\/viale-fiorito-venezia.jpg\" bg-image-mobile=\"\" scroll-effect=\"scroll\" data-id=\"e458469\" data-element_type=\"container\" data-e-type=\"container\" data-settings=\"{&quot;background_background&quot;:&quot;classic&quot;}\">\n\t\t\t\t\t<div class=\"e-con-inner\">\n\t\t\t\t<div class=\"elementor-element elementor-element-7c1df26 elementor-widget elementor-widget-heading\" data-id=\"7c1df26\" data-element_type=\"widget\" data-e-type=\"widget\" data-widget_type=\"heading.default\">\n\t\t\t\t\t<h1 class=\"elementor-heading-title elementor-size-default\">Actualit\u00e9s &amp; \u00c9v\u00e9nements<\/h1>\t\t\t\t<\/div>\n\t\t\t\t\t<\/div>\n\t\t\t\t<\/div>\n\t\t<div class=\"elementor-element elementor-element-a9d570e e-flex e-con-boxed wpr-particle-no wpr-jarallax-no wpr-parallax-no wpr-sticky-section-no wpr-equal-height-no e-con e-parent\" data-id=\"a9d570e\" data-element_type=\"container\" data-e-type=\"container\">\n\t\t\t\t\t<div class=\"e-con-inner\">\n\t\t\t\t<div class=\"elementor-element elementor-element-f33ae19 elementor-widget elementor-widget-heading\" data-id=\"f33ae19\" data-element_type=\"widget\" data-e-type=\"widget\" data-widget_type=\"heading.default\">\n\t\t\t\t\t<h2 class=\"elementor-heading-title elementor-size-default\">Toutes les nouveaut\u00e9s et les principaux \u00e9v\u00e9nements pour des vacances \u00e0 Venise et ses environs<\/h2>\t\t\t\t<\/div>\n\t\t\t\t<div class=\"elementor-element elementor-element-0ffc42d elementor-widget elementor-widget-text-editor\" data-id=\"0ffc42d\" data-element_type=\"widget\" data-e-type=\"widget\" data-widget_type=\"text-editor.default\">\n\t\t\t\t\t\t\t\t\t<p>Organise au mieux tes vacances \u00e0 Venise : d\u00e9couvre toutes les nouveaut\u00e9s du Camping Village Miramare et les principaux \u00e9v\u00e9nements sur la lagune de Venise.<\/p>\t\t\t\t\t\t\t\t<\/div>\n\t\t\t\t\t<\/div>\n\t\t\t\t<\/div>\n\t\t<div class=\"elementor-element elementor-element-abfb568 e-flex e-con-boxed wpr-particle-no wpr-jarallax-no wpr-parallax-no wpr-sticky-section-no wpr-equal-height-no e-con e-parent\" data-id=\"abfb568\" data-element_type=\"container\" data-e-type=\"container\">\n\t\t\t\t\t<div class=\"e-con-inner\">\n\t\t\t\t<div class=\"elementor-element elementor-element-a2430c3 elementor-grid-eael-col-3 elementor-grid-tablet-eael-col-2 elementor-grid-mobile-eael-col-1 elementor-widget elementor-widget-eael-post-grid\" data-id=\"a2430c3\" data-element_type=\"widget\" data-e-type=\"widget\" data-settings=\"{&quot;eael_post_grid_columns&quot;:&quot;eael-col-3&quot;,&quot;eael_post_grid_columns_tablet&quot;:&quot;eael-col-2&quot;,&quot;eael_post_grid_columns_mobile&quot;:&quot;eael-col-1&quot;}\" data-widget_type=\"eael-post-grid.default\">\n\t\t\t\t\t<div id=\"eael-post-grid-a2430c3\" class=\"eael-post-grid-container\">\n            <div class=\"eael-post-grid eael-post-appender eael-post-appender-a2430c3 eael-post-grid-style-one\" data-layout-mode=\"grid\"><article class=\"eael-grid-post  eael-post-grid-column eael-pg-post-3458\" data-id=\"3458\">\n        <div class=\"eael-grid-post-holder\">\n            <div class=\"eael-grid-post-holder-inner\"><div class=\"eael-entry-media\"><div class=\"eael-entry-overlay fade-in\"><i class=\"fas fa-long-arrow-alt-right\" aria-hidden=\"true\"><\/i><a href=\"https:\/\/miramarevenezia.it\/fr\/news-eventi-venezia\/a-compter-du-3-avril-2026frais-dacces-a-venise\/\"><\/a><\/div><div class=\"eael-entry-thumbnail \">\n                <img fetchpriority=\"high\" decoding=\"async\" width=\"1000\" height=\"666\" src=\"https:\/\/miramarevenezia.it\/wp-content\/uploads\/accesso-a-venezia-2-2.jpg\" class=\"attachment-large size-large wp-image-4224\" alt=\"\" srcset=\"https:\/\/miramarevenezia.it\/wp-content\/uploads\/accesso-a-venezia-2-2.jpg 1000w, https:\/\/miramarevenezia.it\/wp-content\/uploads\/accesso-a-venezia-2-2-300x200.jpg 300w, https:\/\/miramarevenezia.it\/wp-content\/uploads\/accesso-a-venezia-2-2-768x511.jpg 768w\" sizes=\"(max-width: 1000px) 100vw, 1000px\" \/>\n            <\/div>\n        <\/div><div class=\"eael-entry-wrapper\"><header class=\"eael-entry-header\"><h2 class=\"eael-entry-title\"><a class=\"eael-grid-post-link\" href=\"https:\/\/miramarevenezia.it\/fr\/news-eventi-venezia\/a-compter-du-3-avril-2026frais-dacces-a-venise\/\" title=\"\u00c0 compter du 3 avril 2026Frais d&rsquo;acc\u00e8s \u00e0 Venise\">\u00c0 compter du 3 avril 2026<br>Frais d&rsquo;acc\u00e8s \u00e0 Venise<\/a><\/h2><\/header><div class=\"eael-entry-content\">\n                        <div class=\"eael-grid-post-excerpt\"><a href=\"https:\/\/miramarevenezia.it\/fr\/news-eventi-venezia\/a-compter-du-3-avril-2026frais-dacces-a-venise\/\" class=\"eael-post-elements-readmore-btn\">En savoir plus<\/a><\/div>\n                    <\/div><\/div><\/div>\n        <\/div>\n    <\/article><article class=\"eael-grid-post  eael-post-grid-column eael-pg-post-3451\" data-id=\"3451\">\n        <div class=\"eael-grid-post-holder\">\n            <div class=\"eael-grid-post-holder-inner\"><div class=\"eael-entry-media\"><div class=\"eael-entry-overlay fade-in\"><i class=\"fas fa-long-arrow-alt-right\" aria-hidden=\"true\"><\/i><a href=\"https:\/\/miramarevenezia.it\/fr\/news-eventi-venezia\/25-avril-2026fete-de-la-saint-marc-et-jour-de-la-liberation\/\"><\/a><\/div><div class=\"eael-entry-thumbnail \">\n                <img decoding=\"async\" width=\"1024\" height=\"684\" src=\"https:\/\/miramarevenezia.it\/wp-content\/uploads\/25-aprile-1024x684-3.jpg\" class=\"attachment-large size-large wp-image-4220\" alt=\"\" srcset=\"https:\/\/miramarevenezia.it\/wp-content\/uploads\/25-aprile-1024x684-3.jpg 1024w, https:\/\/miramarevenezia.it\/wp-content\/uploads\/25-aprile-1024x684-3-300x200.jpg 300w, https:\/\/miramarevenezia.it\/wp-content\/uploads\/25-aprile-1024x684-3-768x513.jpg 768w\" sizes=\"(max-width: 1024px) 100vw, 1024px\" \/>\n            <\/div>\n        <\/div><div class=\"eael-entry-wrapper\"><header class=\"eael-entry-header\"><h2 class=\"eael-entry-title\"><a class=\"eael-grid-post-link\" href=\"https:\/\/miramarevenezia.it\/fr\/news-eventi-venezia\/25-avril-2026fete-de-la-saint-marc-et-jour-de-la-liberation\/\" title=\"25 avril 2026F\u00eate de la Saint-Marc\">25 avril 2026<br>F\u00eate de la Saint-Marc<\/a><\/h2><\/header><div class=\"eael-entry-content\">\n                        <div class=\"eael-grid-post-excerpt\"><a href=\"https:\/\/miramarevenezia.it\/fr\/news-eventi-venezia\/25-avril-2026fete-de-la-saint-marc-et-jour-de-la-liberation\/\" class=\"eael-post-elements-readmore-btn\">En savoir plus<\/a><\/div>\n                    <\/div><\/div><\/div>\n        <\/div>\n    <\/article><article class=\"eael-grid-post  eael-post-grid-column eael-pg-post-3475\" data-id=\"3475\">\n        <div class=\"eael-grid-post-holder\">\n            <div class=\"eael-grid-post-holder-inner\"><div class=\"eael-entry-media\"><div class=\"eael-entry-overlay fade-in\"><i class=\"fas fa-long-arrow-alt-right\" aria-hidden=\"true\"><\/i><a href=\"https:\/\/miramarevenezia.it\/fr\/news-eventi-venezia\/1er-mai-2026festival-dea-sparesea\/\"><\/a><\/div><div class=\"eael-entry-thumbnail \">\n                <img decoding=\"async\" width=\"1024\" height=\"679\" src=\"https:\/\/miramarevenezia.it\/wp-content\/uploads\/miramare-venezia-1-1024x679.jpg\" class=\"attachment-large size-large wp-image-1056\" alt=\"\" srcset=\"https:\/\/miramarevenezia.it\/wp-content\/uploads\/miramare-venezia-1-1024x679.jpg 1024w, https:\/\/miramarevenezia.it\/wp-content\/uploads\/miramare-venezia-1-300x199.jpg 300w, https:\/\/miramarevenezia.it\/wp-content\/uploads\/miramare-venezia-1-768x509.jpg 768w, https:\/\/miramarevenezia.it\/wp-content\/uploads\/miramare-venezia-1.jpg 1200w\" sizes=\"(max-width: 1024px) 100vw, 1024px\" \/>\n            <\/div>\n        <\/div><div class=\"eael-entry-wrapper\"><header class=\"eael-entry-header\"><h2 class=\"eael-entry-title\"><a class=\"eael-grid-post-link\" href=\"https:\/\/miramarevenezia.it\/fr\/news-eventi-venezia\/1er-mai-2026festival-dea-sparesea\/\" title=\"1er mai 2026Festival \u00ab Dea Sparesea \u00bb\">1er mai 2026<br>Festival \u00ab Dea Sparesea \u00bb<\/a><\/h2><\/header><div class=\"eael-entry-content\">\n                        <div class=\"eael-grid-post-excerpt\"><a href=\"https:\/\/miramarevenezia.it\/fr\/news-eventi-venezia\/1er-mai-2026festival-dea-sparesea\/\" class=\"eael-post-elements-readmore-btn\">En savoir plus<\/a><\/div>\n                    <\/div><\/div><\/div>\n        <\/div>\n    <\/article><article class=\"eael-grid-post  eael-post-grid-column eael-pg-post-3439\" data-id=\"3439\">\n        <div class=\"eael-grid-post-holder\">\n            <div class=\"eael-grid-post-holder-inner\"><div class=\"eael-entry-media\"><div class=\"eael-entry-overlay fade-in\"><i class=\"fas fa-long-arrow-alt-right\" aria-hidden=\"true\"><\/i><a href=\"https:\/\/miramarevenezia.it\/fr\/news-eventi-venezia\/a-partir-du-9-mai-202661e-biennale-dart-de-venise\/\"><\/a><\/div><div class=\"eael-entry-thumbnail \">\n                <img loading=\"lazy\" decoding=\"async\" width=\"900\" height=\"600\" src=\"https:\/\/miramarevenezia.it\/wp-content\/uploads\/BiennaleArte26_2X3-1-2.jpg\" class=\"attachment-large size-large wp-image-4215\" alt=\"\" srcset=\"https:\/\/miramarevenezia.it\/wp-content\/uploads\/BiennaleArte26_2X3-1-2.jpg 900w, https:\/\/miramarevenezia.it\/wp-content\/uploads\/BiennaleArte26_2X3-1-2-300x200.jpg 300w, https:\/\/miramarevenezia.it\/wp-content\/uploads\/BiennaleArte26_2X3-1-2-768x512.jpg 768w\" sizes=\"(max-width: 900px) 100vw, 900px\" \/>\n            <\/div>\n        <\/div><div class=\"eael-entry-wrapper\"><header class=\"eael-entry-header\"><h2 class=\"eael-entry-title\"><a class=\"eael-grid-post-link\" href=\"https:\/\/miramarevenezia.it\/fr\/news-eventi-venezia\/a-partir-du-9-mai-202661e-biennale-dart-de-venise\/\" title=\"\u00c0 partir du 9 mai 202661e Biennale d&rsquo;art de Venise\">\u00c0 partir du 9 mai 2026<br>61e Biennale d&rsquo;art de Venise<\/a><\/h2><\/header><div class=\"eael-entry-content\">\n                        <div class=\"eael-grid-post-excerpt\"><a href=\"https:\/\/miramarevenezia.it\/fr\/news-eventi-venezia\/a-partir-du-9-mai-202661e-biennale-dart-de-venise\/\" class=\"eael-post-elements-readmore-btn\">En savoir plus<\/a><\/div>\n                    <\/div><\/div><\/div>\n        <\/div>\n    <\/article><article class=\"eael-grid-post  eael-post-grid-column eael-pg-post-3431\" data-id=\"3431\">\n        <div class=\"eael-grid-post-holder\">\n            <div class=\"eael-grid-post-holder-inner\"><div class=\"eael-entry-media\"><div class=\"eael-entry-overlay fade-in\"><i class=\"fas fa-long-arrow-alt-right\" aria-hidden=\"true\"><\/i><a href=\"https:\/\/miramarevenezia.it\/fr\/news-eventi-venezia\/17-mai-2026festival-dea-sensa\/\"><\/a><\/div><div class=\"eael-entry-thumbnail \">\n                <img loading=\"lazy\" decoding=\"async\" width=\"1024\" height=\"683\" src=\"https:\/\/miramarevenezia.it\/wp-content\/uploads\/FestaDeaSensa-1024x683.jpg\" class=\"attachment-large size-large wp-image-3436\" alt=\"\" srcset=\"https:\/\/miramarevenezia.it\/wp-content\/uploads\/FestaDeaSensa-1024x683.jpg 1024w, https:\/\/miramarevenezia.it\/wp-content\/uploads\/FestaDeaSensa-300x200.jpg 300w, https:\/\/miramarevenezia.it\/wp-content\/uploads\/FestaDeaSensa-768x512.jpg 768w, https:\/\/miramarevenezia.it\/wp-content\/uploads\/FestaDeaSensa-1536x1024.jpg 1536w, https:\/\/miramarevenezia.it\/wp-content\/uploads\/FestaDeaSensa.jpg 2048w\" sizes=\"(max-width: 1024px) 100vw, 1024px\" \/>\n            <\/div>\n        <\/div><div class=\"eael-entry-wrapper\"><header class=\"eael-entry-header\"><h2 class=\"eael-entry-title\"><a class=\"eael-grid-post-link\" href=\"https:\/\/miramarevenezia.it\/fr\/news-eventi-venezia\/17-mai-2026festival-dea-sensa\/\" title=\"17 mai 2026Festival \u00ab\u00a0D\u00e9a Sensa\u00a0\u00bb\">17 mai 2026<br>Festival \u00ab\u00a0D\u00e9a Sensa\u00a0\u00bb<\/a><\/h2><\/header><div class=\"eael-entry-content\">\n                        <div class=\"eael-grid-post-excerpt\"><a href=\"https:\/\/miramarevenezia.it\/fr\/news-eventi-venezia\/17-mai-2026festival-dea-sensa\/\" class=\"eael-post-elements-readmore-btn\">En savoir plus<\/a><\/div>\n                    <\/div><\/div><\/div>\n        <\/div>\n    <\/article><article class=\"eael-grid-post  eael-post-grid-column eael-pg-post-3412\" data-id=\"3412\">\n        <div class=\"eael-grid-post-holder\">\n            <div class=\"eael-grid-post-holder-inner\"><div class=\"eael-entry-media\"><div class=\"eael-entry-overlay fade-in\"><i class=\"fas fa-long-arrow-alt-right\" aria-hidden=\"true\"><\/i><a href=\"https:\/\/miramarevenezia.it\/fr\/news-eventi-venezia\/24-mai-2026vogalonga-50%e1%b5%89-edition\/\"><\/a><\/div><div class=\"eael-entry-thumbnail \">\n                <img loading=\"lazy\" decoding=\"async\" width=\"420\" height=\"280\" src=\"https:\/\/miramarevenezia.it\/wp-content\/uploads\/vogalonga-2.jpg\" class=\"attachment-large size-large wp-image-4210\" alt=\"\" srcset=\"https:\/\/miramarevenezia.it\/wp-content\/uploads\/vogalonga-2.jpg 420w, https:\/\/miramarevenezia.it\/wp-content\/uploads\/vogalonga-2-300x200.jpg 300w\" sizes=\"(max-width: 420px) 100vw, 420px\" \/>\n            <\/div>\n        <\/div><div class=\"eael-entry-wrapper\"><header class=\"eael-entry-header\"><h2 class=\"eael-entry-title\"><a class=\"eael-grid-post-link\" href=\"https:\/\/miramarevenezia.it\/fr\/news-eventi-venezia\/24-mai-2026vogalonga-50%e1%b5%89-edition\/\" title=\"24 mai 2026Vogalonga \u2013 50\u1d49 \u00e9dition\">24 mai 2026<br>Vogalonga \u2013 50\u1d49 \u00e9dition<\/a><\/h2><\/header><div class=\"eael-entry-content\">\n                        <div class=\"eael-grid-post-excerpt\"><a href=\"https:\/\/miramarevenezia.it\/fr\/news-eventi-venezia\/24-mai-2026vogalonga-50%e1%b5%89-edition\/\" class=\"eael-post-elements-readmore-btn\">En savoir plus<\/a><\/div>\n                    <\/div><\/div><\/div>\n        <\/div>\n    <\/article><article class=\"eael-grid-post  eael-post-grid-column eael-pg-post-3420\" data-id=\"3420\">\n        <div class=\"eael-grid-post-holder\">\n            <div class=\"eael-grid-post-holder-inner\"><div class=\"eael-entry-media\"><div class=\"eael-entry-overlay fade-in\"><i class=\"fas fa-long-arrow-alt-right\" aria-hidden=\"true\"><\/i><a href=\"https:\/\/miramarevenezia.it\/fr\/news-eventi-venezia\/a-partir-du-27-mai-2026salon-nautique-de-venise\/\"><\/a><\/div><div class=\"eael-entry-thumbnail \">\n                <img loading=\"lazy\" decoding=\"async\" width=\"1024\" height=\"683\" src=\"https:\/\/miramarevenezia.it\/wp-content\/uploads\/SaloneNautico2026-2X3-2-1024x683.jpg\" class=\"attachment-large size-large wp-image-4207\" alt=\"\" srcset=\"https:\/\/miramarevenezia.it\/wp-content\/uploads\/SaloneNautico2026-2X3-2-1024x683.jpg 1024w, https:\/\/miramarevenezia.it\/wp-content\/uploads\/SaloneNautico2026-2X3-2-300x200.jpg 300w, https:\/\/miramarevenezia.it\/wp-content\/uploads\/SaloneNautico2026-2X3-2-768x512.jpg 768w, https:\/\/miramarevenezia.it\/wp-content\/uploads\/SaloneNautico2026-2X3-2.jpg 1365w\" sizes=\"(max-width: 1024px) 100vw, 1024px\" \/>\n            <\/div>\n        <\/div><div class=\"eael-entry-wrapper\"><header class=\"eael-entry-header\"><h2 class=\"eael-entry-title\"><a class=\"eael-grid-post-link\" href=\"https:\/\/miramarevenezia.it\/fr\/news-eventi-venezia\/a-partir-du-27-mai-2026salon-nautique-de-venise\/\" title=\"\u00c0 partir du 27 mai 2026Salon Nautique de Venise\">\u00c0 partir du 27 mai 2026<br>Salon Nautique de Venise<\/a><\/h2><\/header><div class=\"eael-entry-content\">\n                        <div class=\"eael-grid-post-excerpt\"><a href=\"https:\/\/miramarevenezia.it\/fr\/news-eventi-venezia\/a-partir-du-27-mai-2026salon-nautique-de-venise\/\" class=\"eael-post-elements-readmore-btn\">En savoir plus<\/a><\/div>\n                    <\/div><\/div><\/div>\n        <\/div>\n    <\/article><article class=\"eael-grid-post  eael-post-grid-column eael-pg-post-3407\" data-id=\"3407\">\n        <div class=\"eael-grid-post-holder\">\n            <div class=\"eael-grid-post-holder-inner\"><div class=\"eael-entry-media\"><div class=\"eael-entry-overlay fade-in\"><i class=\"fas fa-long-arrow-alt-right\" aria-hidden=\"true\"><\/i><a href=\"https:\/\/miramarevenezia.it\/fr\/news-eventi-venezia\/a-partir-du-25-juin-2026concerts-sur-la-place-saint-marc\/\"><\/a><\/div><div class=\"eael-entry-thumbnail \">\n                <img loading=\"lazy\" decoding=\"async\" width=\"1024\" height=\"667\" src=\"https:\/\/miramarevenezia.it\/wp-content\/uploads\/VeneziaByNight-2-1536x1001-2-1024x667.jpg\" class=\"attachment-large size-large wp-image-4203\" alt=\"\" srcset=\"https:\/\/miramarevenezia.it\/wp-content\/uploads\/VeneziaByNight-2-1536x1001-2-1024x667.jpg 1024w, https:\/\/miramarevenezia.it\/wp-content\/uploads\/VeneziaByNight-2-1536x1001-2-300x196.jpg 300w, https:\/\/miramarevenezia.it\/wp-content\/uploads\/VeneziaByNight-2-1536x1001-2-768x501.jpg 768w, https:\/\/miramarevenezia.it\/wp-content\/uploads\/VeneziaByNight-2-1536x1001-2.jpg 1536w\" sizes=\"(max-width: 1024px) 100vw, 1024px\" \/>\n            <\/div>\n        <\/div><div class=\"eael-entry-wrapper\"><header class=\"eael-entry-header\"><h2 class=\"eael-entry-title\"><a class=\"eael-grid-post-link\" href=\"https:\/\/miramarevenezia.it\/fr\/news-eventi-venezia\/a-partir-du-25-juin-2026concerts-sur-la-place-saint-marc\/\" title=\"\u00c0 partir du 25 juin 2026Concerts sur la place Saint-Marc\">\u00c0 partir du 25 juin 2026<br>Concerts sur la place Saint-Marc<\/a><\/h2><\/header><div class=\"eael-entry-content\">\n                        <div class=\"eael-grid-post-excerpt\"><a href=\"https:\/\/miramarevenezia.it\/fr\/news-eventi-venezia\/a-partir-du-25-juin-2026concerts-sur-la-place-saint-marc\/\" class=\"eael-post-elements-readmore-btn\">En savoir plus<\/a><\/div>\n                    <\/div><\/div><\/div>\n        <\/div>\n    <\/article><article class=\"eael-grid-post  eael-post-grid-column eael-pg-post-3397\" data-id=\"3397\">\n        <div class=\"eael-grid-post-holder\">\n            <div class=\"eael-grid-post-holder-inner\"><div class=\"eael-entry-media\"><div class=\"eael-entry-overlay fade-in\"><i class=\"fas fa-long-arrow-alt-right\" aria-hidden=\"true\"><\/i><a href=\"https:\/\/miramarevenezia.it\/fr\/news-eventi-venezia\/18-juillet-2026fete-du-redempteur\/\"><\/a><\/div><div class=\"eael-entry-thumbnail \">\n                <img loading=\"lazy\" decoding=\"async\" width=\"1024\" height=\"682\" src=\"https:\/\/miramarevenezia.it\/wp-content\/uploads\/redentore-1-1536x1023-2-1024x682.jpg\" class=\"attachment-large size-large wp-image-4200\" alt=\"\" srcset=\"https:\/\/miramarevenezia.it\/wp-content\/uploads\/redentore-1-1536x1023-2-1024x682.jpg 1024w, https:\/\/miramarevenezia.it\/wp-content\/uploads\/redentore-1-1536x1023-2-300x200.jpg 300w, https:\/\/miramarevenezia.it\/wp-content\/uploads\/redentore-1-1536x1023-2-768x512.jpg 768w, https:\/\/miramarevenezia.it\/wp-content\/uploads\/redentore-1-1536x1023-2.jpg 1536w\" sizes=\"(max-width: 1024px) 100vw, 1024px\" \/>\n            <\/div>\n        <\/div><div class=\"eael-entry-wrapper\"><header class=\"eael-entry-header\"><h2 class=\"eael-entry-title\"><a class=\"eael-grid-post-link\" href=\"https:\/\/miramarevenezia.it\/fr\/news-eventi-venezia\/18-juillet-2026fete-du-redempteur\/\" title=\"18 juillet 2026F\u00eate du R\u00e9dempteur\">18 juillet 2026<br>F\u00eate du R\u00e9dempteur<\/a><\/h2><\/header><div class=\"eael-entry-content\">\n                        <div class=\"eael-grid-post-excerpt\"><a href=\"https:\/\/miramarevenezia.it\/fr\/news-eventi-venezia\/18-juillet-2026fete-du-redempteur\/\" class=\"eael-post-elements-readmore-btn\">En savoir plus<\/a><\/div>\n                    <\/div><\/div><\/div>\n        <\/div>\n    <\/article><article class=\"eael-grid-post  eael-post-grid-column eael-pg-post-3388\" data-id=\"3388\">\n        <div class=\"eael-grid-post-holder\">\n            <div class=\"eael-grid-post-holder-inner\"><div class=\"eael-entry-media\"><div class=\"eael-entry-overlay fade-in\"><i class=\"fas fa-long-arrow-alt-right\" aria-hidden=\"true\"><\/i><a href=\"https:\/\/miramarevenezia.it\/fr\/news-eventi-venezia\/22-agosto-2026-beach-on-fire\/\"><\/a><\/div><div class=\"eael-entry-thumbnail \">\n                <img loading=\"lazy\" decoding=\"async\" width=\"1024\" height=\"683\" src=\"https:\/\/miramarevenezia.it\/wp-content\/uploads\/Beach-on-fire-1536x1024-2-1024x683.jpg\" class=\"attachment-large size-large wp-image-4197\" alt=\"\" srcset=\"https:\/\/miramarevenezia.it\/wp-content\/uploads\/Beach-on-fire-1536x1024-2-1024x683.jpg 1024w, https:\/\/miramarevenezia.it\/wp-content\/uploads\/Beach-on-fire-1536x1024-2-300x200.jpg 300w, https:\/\/miramarevenezia.it\/wp-content\/uploads\/Beach-on-fire-1536x1024-2-768x512.jpg 768w, https:\/\/miramarevenezia.it\/wp-content\/uploads\/Beach-on-fire-1536x1024-2.jpg 1536w\" sizes=\"(max-width: 1024px) 100vw, 1024px\" \/>\n            <\/div>\n        <\/div><div class=\"eael-entry-wrapper\"><header class=\"eael-entry-header\"><h2 class=\"eael-entry-title\"><a class=\"eael-grid-post-link\" href=\"https:\/\/miramarevenezia.it\/fr\/news-eventi-venezia\/22-agosto-2026-beach-on-fire\/\" title=\"22 Ao\u00fbt 2026 Beach on Fire\">22 Ao\u00fbt 2026 <br>Beach on Fire<\/a><\/h2><\/header><div class=\"eael-entry-content\">\n                        <div class=\"eael-grid-post-excerpt\"><a href=\"https:\/\/miramarevenezia.it\/fr\/news-eventi-venezia\/22-agosto-2026-beach-on-fire\/\" class=\"eael-post-elements-readmore-btn\">En savoir plus<\/a><\/div>\n                    <\/div><\/div><\/div>\n        <\/div>\n    <\/article><article class=\"eael-grid-post  eael-post-grid-column eael-pg-post-3386\" data-id=\"3386\">\n        <div class=\"eael-grid-post-holder\">\n            <div class=\"eael-grid-post-holder-inner\"><div class=\"eael-entry-media\"><div class=\"eael-entry-overlay fade-in\"><i class=\"fas fa-long-arrow-alt-right\" aria-hidden=\"true\"><\/i><a href=\"https:\/\/miramarevenezia.it\/fr\/news-eventi-venezia\/a-partir-du-2-septembre-2026biennale-du-cinema-2026\/\"><\/a><\/div><div class=\"eael-entry-thumbnail \">\n                <img loading=\"lazy\" decoding=\"async\" width=\"1024\" height=\"683\" src=\"https:\/\/miramarevenezia.it\/wp-content\/uploads\/BiennaleCinema26-2X3-2-1024x683.jpg\" class=\"attachment-large size-large wp-image-4191\" alt=\"\" srcset=\"https:\/\/miramarevenezia.it\/wp-content\/uploads\/BiennaleCinema26-2X3-2-1024x683.jpg 1024w, https:\/\/miramarevenezia.it\/wp-content\/uploads\/BiennaleCinema26-2X3-2-300x200.jpg 300w, https:\/\/miramarevenezia.it\/wp-content\/uploads\/BiennaleCinema26-2X3-2-768x512.jpg 768w, https:\/\/miramarevenezia.it\/wp-content\/uploads\/BiennaleCinema26-2X3-2.jpg 1129w\" sizes=\"(max-width: 1024px) 100vw, 1024px\" \/>\n            <\/div>\n        <\/div><div class=\"eael-entry-wrapper\"><header class=\"eael-entry-header\"><h2 class=\"eael-entry-title\"><a class=\"eael-grid-post-link\" href=\"https:\/\/miramarevenezia.it\/fr\/news-eventi-venezia\/a-partir-du-2-septembre-2026biennale-du-cinema-2026\/\" title=\"\u00c0 partir du 2 septembre 2026Biennale du Cin\u00e9ma 2026\">\u00c0 partir du 2 septembre 2026<br>Biennale du Cin\u00e9ma 2026<\/a><\/h2><\/header><div class=\"eael-entry-content\">\n                        <div class=\"eael-grid-post-excerpt\"><a href=\"https:\/\/miramarevenezia.it\/fr\/news-eventi-venezia\/a-partir-du-2-septembre-2026biennale-du-cinema-2026\/\" class=\"eael-post-elements-readmore-btn\">En savoir plus<\/a><\/div>\n                    <\/div><\/div><\/div>\n        <\/div>\n    <\/article><article class=\"eael-grid-post  eael-post-grid-column eael-pg-post-3378\" data-id=\"3378\">\n        <div class=\"eael-grid-post-holder\">\n            <div class=\"eael-grid-post-holder-inner\"><div class=\"eael-entry-media\"><div class=\"eael-entry-overlay fade-in\"><i class=\"fas fa-long-arrow-alt-right\" aria-hidden=\"true\"><\/i><a href=\"https:\/\/miramarevenezia.it\/fr\/news-eventi-venezia\/6-septembre-2026regate-historique-de-venise\/\"><\/a><\/div><div class=\"eael-entry-thumbnail \">\n                <img loading=\"lazy\" decoding=\"async\" width=\"1024\" height=\"683\" src=\"https:\/\/miramarevenezia.it\/wp-content\/uploads\/Regata_Storica-1536x1024-2-1024x683.jpg\" class=\"attachment-large size-large wp-image-4189\" alt=\"\" srcset=\"https:\/\/miramarevenezia.it\/wp-content\/uploads\/Regata_Storica-1536x1024-2-1024x683.jpg 1024w, https:\/\/miramarevenezia.it\/wp-content\/uploads\/Regata_Storica-1536x1024-2-300x200.jpg 300w, https:\/\/miramarevenezia.it\/wp-content\/uploads\/Regata_Storica-1536x1024-2-768x512.jpg 768w, https:\/\/miramarevenezia.it\/wp-content\/uploads\/Regata_Storica-1536x1024-2.jpg 1536w\" sizes=\"(max-width: 1024px) 100vw, 1024px\" \/>\n            <\/div>\n        <\/div><div class=\"eael-entry-wrapper\"><header class=\"eael-entry-header\"><h2 class=\"eael-entry-title\"><a class=\"eael-grid-post-link\" href=\"https:\/\/miramarevenezia.it\/fr\/news-eventi-venezia\/6-septembre-2026regate-historique-de-venise\/\" title=\"6 septembre 2026R\u00e9gate historique de Venise\">6 septembre 2026<br>R\u00e9gate historique de Venise<\/a><\/h2><\/header><div class=\"eael-entry-content\">\n                        <div class=\"eael-grid-post-excerpt\"><a href=\"https:\/\/miramarevenezia.it\/fr\/news-eventi-venezia\/6-septembre-2026regate-historique-de-venise\/\" class=\"eael-post-elements-readmore-btn\">En savoir plus<\/a><\/div>\n                    <\/div><\/div><\/div>\n        <\/div>\n    <\/article><\/div>\n            <div class=\"clearfix\"><\/div>\n        <\/div>\t\t\t\t<\/div>\n\t\t\t\t\t<\/div>\n\t\t\t\t<\/div>\n\t\t\t\t<\/div>\n\t\t","protected":false},"excerpt":{"rendered":"<p>Actualit\u00e9s &amp; \u00c9v\u00e9nements Toutes les nouveaut\u00e9s et les principaux \u00e9v\u00e9nements pour des vacances \u00e0 Venise et ses environs Organise au mieux tes vacances \u00e0 Venise : d\u00e9couvre toutes les nouveaut\u00e9s du Camping Village Miramare et les principaux \u00e9v\u00e9nements sur la lagune de Venise. Dal 3 aprile 2026 Contributo di accesso a Venezia En savoir plus 25 aprile 2026 San Marco e Liberazione En savoir plus 1 maggio 2026 Festa &#8220;Dea Sparesea&#8221; En savoir plus Dal 9 maggio 2026 61sima Biennale d&#8217;Arte En savoir plus 17 maggio 2026 Festa &#8220;Dea Sensa&#8221; En savoir plus 24 maggio 2026 Vogalonga &#8211; 50a Edizione En savoir plus Dal 27 maggio 2026 Salone Nautico di Venezia En savoir plus Dal 25 giugno 2026 Concerti in piazza San Marco En savoir plus 18 luglio 2026 Festa del Redentore En savoir plus 22 agosto 2026 Beach on Fire En savoir plus Dal 2 settembre 2026 Biennale Cinema 2026 En savoir plus 6 settembre 2026 Regata storica di Venezia En savoir plus<\/p>\n","protected":false},"author":1,"featured_media":0,"parent":0,"menu_order":0,"comment_status":"closed","ping_status":"closed","template":"","meta":{"footnotes":""},"class_list":["post-2931","page","type-page","status-publish","hentry"],"blocksy_meta":[],"_links":{"self":[{"href":"https:\/\/miramarevenezia.it\/fr\/wp-json\/wp\/v2\/pages\/2931","targetHints":{"allow":["GET"]}}],"collection":[{"href":"https:\/\/miramarevenezia.it\/fr\/wp-json\/wp\/v2\/pages"}],"about":[{"href":"https:\/\/miramarevenezia.it\/fr\/wp-json\/wp\/v2\/types\/page"}],"author":[{"embeddable":true,"href":"https:\/\/miramarevenezia.it\/fr\/wp-json\/wp\/v2\/users\/1"}],"replies":[{"embeddable":true,"href":"https:\/\/miramarevenezia.it\/fr\/wp-json\/wp\/v2\/comments?post=2931"}],"version-history":[{"count":1,"href":"https:\/\/miramarevenezia.it\/fr\/wp-json\/wp\/v2\/pages\/2931\/revisions"}],"predecessor-version":[{"id":2932,"href":"https:\/\/miramarevenezia.it\/fr\/wp-json\/wp\/v2\/pages\/2931\/revisions\/2932"}],"wp:attachment":[{"href":"https:\/\/miramarevenezia.it\/fr\/wp-json\/wp\/v2\/media?parent=2931"}],"curies":[{"name":"wp","href":"https:\/\/api.w.org\/{rel}","templated":true}]}}